{"id":335294,"date":"2024-11-06T11:49:48","date_gmt":"2024-11-06T10:49:48","guid":{"rendered":"https:\/\/reev.com\/savoir\/webinaires-et-formations-emobility\/emobility-webinar-gestion-de-la-charge-et-de-lenergie-pour-les-infrastructures-de-charge-commerciales\/"},"modified":"2025-06-02T14:54:32","modified_gmt":"2025-06-02T12:54:32","slug":"emobility-webinar-gestion-de-la-charge-et-de-lenergie-pour-les-infrastructures-de-charge-commerciales","status":"publish","type":"page","link":"https:\/\/reev.com\/fr\/savoir\/webinaires-et-formations-emobility\/emobility-webinar-gestion-de-la-charge-et-de-lenergie-pour-les-infrastructures-de-charge-commerciales\/","title":{"rendered":"eMobility Webinar : Gestion de la charge et de l&#8217;\u00e9nergie pour les infrastructures de charge commerciales"},"content":{"rendered":"<p>[et_pb_section fb_built=&#8221;1&#8243; _builder_version=&#8221;4.27.0&#8243; _module_preset=&#8221;default&#8221; background_image=&#8221;https:\/\/reev.com\/wp-content\/uploads\/Laden-im-Unternehmen-4.jpg&#8221; min_height=&#8221;550px&#8221; custom_margin=&#8221;||||false|false&#8221; locked=&#8221;off&#8221; global_colors_info=&#8221;{}&#8221;][\/et_pb_section][et_pb_section fb_built=&#8221;1&#8243; disabled_on=&#8221;off|off|off&#8221; _builder_version=&#8221;4.21.0&#8243; _module_preset=&#8221;default&#8221; custom_padding=&#8221;7px||3px|||&#8221; locked=&#8221;off&#8221; global_colors_info=&#8221;{}&#8221;][et_pb_row _builder_version=&#8221;4.21.0&#8243; _module_preset=&#8221;default&#8221; custom_margin=&#8221;0px||0px||true|false&#8221; custom_padding=&#8221;0px||0px||true|false&#8221; global_colors_info=&#8221;{}&#8221;][et_pb_column type=&#8221;4_4&#8243; _builder_version=&#8221;4.21.0&#8243; _module_preset=&#8221;default&#8221; global_colors_info=&#8221;{}&#8221;][difl_breadcrumbs home_background_bgcolor=&#8221;gcid-5cb8a9d9-fbe4-45a5-9225-2525f7566a5c&#8221; use_home_icon=&#8221;on&#8221; disabled_on=&#8221;on|off|off&#8221; _builder_version=&#8221;4.21.0&#8243; _module_preset=&#8221;5ccad78e-773b-4365-bfed-3d8c23d76f69&#8243; global_colors_info=&#8221;{%22gcid-5cb8a9d9-fbe4-45a5-9225-2525f7566a5c%22:%91%22home_background_bgcolor%22,%22home_background_bgcolor%22,%22home_background_bgcolor%22%93,%22gcid-e9e21336-a0a9-459d-8cb1-975a7e573f29%22:%91%22home_icon_color%22,%22home_icon_color%22,%22home_icon_color%22%93,%22gcid-0824c63b-2dad-41c8-9e11-260e4d41d371%22:%91%22home_font_text_color%22,%22home_font_text_color%22,%22home_font_text_color%22%93}&#8221;][\/difl_breadcrumbs][\/et_pb_column][\/et_pb_row][\/et_pb_section][et_pb_section fb_built=&#8221;1&#8243; _builder_version=&#8221;4.19.3&#8243; _module_preset=&#8221;default&#8221; min_height=&#8221;392.3px&#8221; custom_padding=&#8221;||0px|||&#8221; global_colors_info=&#8221;{}&#8221;][et_pb_row _builder_version=&#8221;4.19.3&#8243; _module_preset=&#8221;default&#8221; custom_padding=&#8221;||0px|||&#8221; global_colors_info=&#8221;{}&#8221;][et_pb_column type=&#8221;4_4&#8243; _builder_version=&#8221;4.19.3&#8243; _module_preset=&#8221;default&#8221; global_colors_info=&#8221;{}&#8221;][et_pb_text _builder_version=&#8221;4.27.4&#8243; _module_preset=&#8221;default&#8221; header_font=&#8221;|700|||||||&#8221; header_2_font=&#8221;|700|||||||&#8221; header_2_text_align=&#8221;center&#8221; header_2_text_color=&#8221;#000000&#8243; custom_margin=&#8221;||2px||false|false&#8221; custom_margin_tablet=&#8221;1px||-10px||false|false&#8221; custom_padding_phone=&#8221;2px|5px|2px|5px|true|true&#8221; header_2_font_size_tablet=&#8221;26px&#8221; header_2_font_size_phone=&#8221;25px&#8221; header_2_font_size_last_edited=&#8221;on|phone&#8221; locked=&#8221;off&#8221; global_colors_info=&#8221;{}&#8221;]<\/p>\n<h1 class=\"cta-section__heading\" style=\"text-align: center;\"><span>Des co\u00fbts \u00e9nerg\u00e9tiques \u00e9lev\u00e9s et des processus de chargement inefficaces ?  <\/span><\/h1>\n<p>[\/et_pb_text][et_pb_text _builder_version=&#8221;4.27.4&#8243; _module_preset=&#8221;default&#8221; header_font=&#8221;|700|||||||&#8221; header_2_font=&#8221;|700|||||||&#8221; header_2_text_align=&#8221;center&#8221; header_2_text_color=&#8221;#000000&#8243; min_height=&#8221;20px&#8221; custom_margin=&#8221;20px||-2px||false|false&#8221; header_2_font_size_tablet=&#8221;26px&#8221; header_2_font_size_phone=&#8221;25px&#8221; header_2_font_size_last_edited=&#8221;on|phone&#8221; locked=&#8221;off&#8221; global_colors_info=&#8221;{%22gcid-0824c63b-2dad-41c8-9e11-260e4d41d371%22:%91%22header_text_color%22,%22header_2_text_color%22%93}&#8221;]<\/p>\n<h3 id=\"block_cc3ebd4fe5d90050eaef93c3a92195bb\" style=\"text-align: center;\">La solution adapt\u00e9e aux entreprises disposant de flottes de v\u00e9hicules, \u00e0 l&#8217;h\u00f4tellerie, \u00e0 la restauration et aux exploitants de parkings.<\/h3>\n<p>[\/et_pb_text][et_pb_text _builder_version=&#8221;4.27.4&#8243; _module_preset=&#8221;default&#8221; text_text_color=&#8221;#000000&#8243; header_font=&#8221;Nunito Sans Lokal|800|||||||&#8221; header_font_size=&#8221;50px&#8221; header_line_height=&#8221;1.7em&#8221; header_2_font=&#8221;Nunito Sans Lokal|800|||||||&#8221; header_2_text_align=&#8221;center&#8221; header_2_font_size=&#8221;30px&#8221; header_3_font=&#8221;Nunito Sans Lokal|700|||||||&#8221; header_3_text_align=&#8221;center&#8221; header_3_font_size=&#8221;25px&#8221; custom_padding=&#8221;27px|||||&#8221; custom_padding_phone=&#8221;2px|5px|2px|5px|true|true&#8221; locked=&#8221;off&#8221; global_colors_info=&#8221;{%22gcid-0824c63b-2dad-41c8-9e11-260e4d41d371%22:%91%22header_text_color%22,%22header_2_text_color%22%93}&#8221;]<\/p>\n<div class=\"paragraph-block paragraph-block--white-bg paragraph-block--section \">\n<div class=\"contain contain--narrow\">\n<div id=\"block_cc3ebd4fe5d90050eaef93c3a92195bb\" style=\"text-align: center;\">\n<p>Optimisez votre infrastructure de charge avec notre <strong>solution de charge bas\u00e9e sur le cloud<\/strong> &#8211; r\u00e9duisez les co\u00fbts \u00e9nerg\u00e9tiques et augmentez l&#8217;efficacit\u00e9.<\/p>\n<p><span>Regardez notre <\/span><strong>webinaire \u00e0 la demande &#8220;Gestion de la charge et de l&#8217;\u00e9nergie pour l&#8217;infrastructure de charge commerciale&#8221;<\/strong><span> et d\u00e9couvrez comment g\u00e9rer plus intelligemment vos processus de charge. <\/span><span>Obtenez un aper\u00e7u pr\u00e9cieux des <\/span>solutions de charge bas\u00e9es sur le cloud<span> &#8211; <\/span><strong>accessibles de mani\u00e8re flexible, quand et o\u00f9 vous le souhaitez.<\/strong><\/p>\n<\/div>\n<\/div>\n<\/div>\n<p>[\/et_pb_text][et_pb_image src=&#8221;https:\/\/reev.com\/wp-content\/uploads\/reev_Balacner_actual.png&#8221; title_text=&#8221;reev_Balacner_actual&#8221; _builder_version=&#8221;4.27.0&#8243; _module_preset=&#8221;default&#8221; background_size=&#8221;initial&#8221; max_width=&#8221;39%&#8221; module_alignment=&#8221;center&#8221; global_colors_info=&#8221;{}&#8221;][\/et_pb_image][et_pb_button button_url=&#8221;#anmeldung&#8221; url_new_window=&#8221;on&#8221; button_text=&#8221;T\u00e9l\u00e9charger maintenant&#8221; _builder_version=&#8221;4.27.4&#8243; _module_preset=&#8221;default&#8221; button_text_color=&#8221;gcid-0824c63b-2dad-41c8-9e11-260e4d41d371&#8243; button_bg_color=&#8221;gcid-e9e21336-a0a9-459d-8cb1-975a7e573f29&#8243; button_border_radius=&#8221;10px&#8221; button_font=&#8221;Nunito Sans Lokal|600|||||||&#8221; custom_margin=&#8221;1em||||false|false&#8221; custom_padding=&#8221;14px|30px|14px|30px|false|false&#8221; locked=&#8221;off&#8221; global_colors_info=&#8221;{%22gcid-e9e21336-a0a9-459d-8cb1-975a7e573f29%22:%91%22button_bg_color%22%93,%22gcid-0824c63b-2dad-41c8-9e11-260e4d41d371%22:%91%22button_text_color%22%93,%22gcid-923f0008-5e27-4274-9a65-7145f79e0cc8%22:%91%22button_bg_color__hover%22%93}&#8221; button_bg_color__hover_enabled=&#8221;on|hover&#8221; button_bg_color__hover=&#8221;gcid-923f0008-5e27-4274-9a65-7145f79e0cc8&#8243; button_bg_enable_color__hover=&#8221;on&#8221;][\/et_pb_button][dsm_button _builder_version=&#8221;4.24.2&#8243; _module_preset=&#8221;default&#8221; global_colors_info=&#8221;{}&#8221;][\/dsm_button][\/et_pb_column][\/et_pb_row][\/et_pb_section][et_pb_section fb_built=&#8221;1&#8243; _builder_version=&#8221;4.27.0&#8243; _module_preset=&#8221;default&#8221; background_color=&#8221;#F2F5F9&#8243; min_height=&#8221;795px&#8221; custom_margin=&#8221;0px||-61px||false|false&#8221; custom_padding=&#8221;40px||40px||false|false&#8221; global_colors_info=&#8221;{}&#8221;][et_pb_row _builder_version=&#8221;4.24.2&#8243; _module_preset=&#8221;default&#8221; custom_padding=&#8221;0px|||||&#8221; locked=&#8221;off&#8221; global_colors_info=&#8221;{}&#8221;][et_pb_column type=&#8221;4_4&#8243; _builder_version=&#8221;4.19.3&#8243; _module_preset=&#8221;default&#8221; global_colors_info=&#8221;{}&#8221;][et_pb_text _builder_version=&#8221;4.27.0&#8243; _module_preset=&#8221;default&#8221; global_colors_info=&#8221;{}&#8221;]<\/p>\n<div class=\"contain contain--narrow\">\n<div id=\"block_cc3ebd4fe5d90050eaef93c3a92195bb\">\n<h2 style=\"text-align: left;\"><span>Voici ce qui vous attend dans le webinaire :<\/span><\/h2>\n<\/div>\n<\/div>\n<p>[\/et_pb_text][\/et_pb_column][\/et_pb_row][et_pb_row column_structure=&#8221;3_5,2_5&#8243; _builder_version=&#8221;4.19.3&#8243; _module_preset=&#8221;default&#8221; custom_margin=&#8221;-15px|auto|-15px|auto|true|false&#8221; custom_padding=&#8221;0px|||2px||&#8221; locked=&#8221;off&#8221; global_colors_info=&#8221;{}&#8221;][et_pb_column type=&#8221;3_5&#8243; _builder_version=&#8221;4.19.3&#8243; _module_preset=&#8221;default&#8221; global_colors_info=&#8221;{}&#8221;][et_pb_text _builder_version=&#8221;4.27.4&#8243; _module_preset=&#8221;default&#8221; global_colors_info=&#8221;{}&#8221;]<\/p>\n<div class=\"contain contain--narrow\">\n<div id=\"block_cc3ebd4fe5d90050eaef93c3a92195bb\">\n<p style=\"text-align: left;\">Le webinaire vous offre un aper\u00e7u pratique des solutions de recharge bas\u00e9es sur le cloud et de la gestion intelligente de l&#8217;\u00e9nergie pour les infrastructures de recharge commerciales.  <span>Des cas d&#8217;application de diff\u00e9rents secteurs tels que les flottes de v\u00e9hicules, les h\u00f4tels et les parkings seront pr\u00e9sent\u00e9s, avec des solutions pratiques pour une utilisation optimale de votre infrastructure de recharge.<\/span><\/p>\n<p style=\"text-align: left;\"><span><\/span><\/p>\n<h3><strong style=\"font-size: 18px;\">Contenu :  <\/strong><\/h3>\n<\/div>\n<\/div>\n<ul>\n<li>L&#8217;\u00e9lectromobilit\u00e9 en Allemagne : un potentiel pour le secteur semi-public<\/li>\n<li><span data-contrast=\"auto\">Avantages d&#8217;une solution logicielle globale pour la gestion de la charge et de l&#8217;\u00e9nergie  <\/span><span data-ccp-props=\"{}\"> <\/span><\/li>\n<li>D\u00e9monstration du logiciel reev (Syst\u00e8me de gestion des points de charge &#8211; CPMS) et de l \u00ab \u00e9quilibreur reev (Syst\u00e8me de gestion de l \u00bb \u00e9nergie &#8211; EMS)<\/li>\n<li>Exemples de pratiques et de r\u00e9ussites<\/li>\n<li>Tendances et d\u00e9veloppements futurs<\/li>\n<li>et bien plus encore.<\/li>\n<\/ul>\n<p><span><strong>Dur\u00e9e : <\/strong><\/span><span>environ 60 minutes<\/span><\/p>\n<p><span><\/span><\/p>\n<p><span><\/span><\/p>\n<p><span><\/span><\/p>\n<p><span><\/span><\/p>\n<p><span><\/span><\/p>\n<p><span><\/span><\/p>\n<p><span><\/span><\/p>\n<p>&nbsp;<\/p>\n<h3><strong>Vos h\u00f4tes :<\/strong><\/h3>\n<p>Nadine Schmauser (Sales Manager, reev)<br \/>Stephan Reiter (Key Account Manager, reev)<\/p>\n<p>[\/et_pb_text][\/et_pb_column][et_pb_column type=&#8221;2_5&#8243; _builder_version=&#8221;4.19.3&#8243; _module_preset=&#8221;default&#8221; global_colors_info=&#8221;{}&#8221;][et_pb_blurb _builder_version=&#8221;4.24.2&#8243; _module_preset=&#8221;default&#8221; global_colors_info=&#8221;{}&#8221;][\/et_pb_blurb][et_pb_divider show_divider=&#8221;off&#8221; _builder_version=&#8221;4.27.0&#8243; _module_preset=&#8221;default&#8221; background_image=&#8221;https:\/\/reev.com\/wp-content\/uploads\/Nadine-S-scaled.jpg&#8221; width=&#8221;300px&#8221; width_tablet=&#8221;250px&#8221; width_phone=&#8221;150px&#8221; width_last_edited=&#8221;on|phone&#8221; module_alignment=&#8221;center&#8221; height=&#8221;300px&#8221; height_tablet=&#8221;250px&#8221; height_phone=&#8221;150px&#8221; height_last_edited=&#8221;on|desktop&#8221; custom_padding=&#8221;|||0px|false|false&#8221; module_alignment_last_edited=&#8221;off|desktop&#8221; border_radii=&#8221;on|50%|50%|50%|50%&#8221; locked=&#8221;off&#8221; global_colors_info=&#8221;{}&#8221;][\/et_pb_divider][et_pb_divider show_divider=&#8221;off&#8221; _builder_version=&#8221;4.27.0&#8243; _module_preset=&#8221;default&#8221; background_image=&#8221;https:\/\/reev.com\/wp-content\/uploads\/Stephan-scaled.jpg&#8221; width=&#8221;300px&#8221; width_tablet=&#8221;250px&#8221; width_phone=&#8221;150px&#8221; width_last_edited=&#8221;on|phone&#8221; module_alignment=&#8221;center&#8221; height=&#8221;300px&#8221; height_tablet=&#8221;250px&#8221; height_phone=&#8221;150px&#8221; height_last_edited=&#8221;on|desktop&#8221; custom_margin=&#8221;13px||0px||false|false&#8221; custom_padding=&#8221;0px||||false|false&#8221; module_alignment_last_edited=&#8221;off|desktop&#8221; border_radii=&#8221;on|50%|50%|50%|50%&#8221; locked=&#8221;off&#8221; global_colors_info=&#8221;{}&#8221;][\/et_pb_divider][\/et_pb_column][\/et_pb_row][\/et_pb_section][et_pb_section fb_built=&#8221;1&#8243; _builder_version=&#8221;4.24.2&#8243; _module_preset=&#8221;default&#8221; custom_margin=&#8221;44px||||false|false&#8221; custom_padding=&#8221;0px||||false|false&#8221; locked=&#8221;off&#8221; global_colors_info=&#8221;{}&#8221;][et_pb_row module_id=&#8221;anmeldung&#8221; _builder_version=&#8221;4.27.0&#8243; _module_preset=&#8221;default&#8221; global_colors_info=&#8221;{}&#8221;][et_pb_column type=&#8221;4_4&#8243; _builder_version=&#8221;4.24.2&#8243; _module_preset=&#8221;default&#8221; global_colors_info=&#8221;{}&#8221;][et_pb_text _builder_version=&#8221;4.27.4&#8243; _module_preset=&#8221;default&#8221; header_font=&#8221;|700|||||||&#8221; header_2_font=&#8221;|700|||||||&#8221; header_2_text_align=&#8221;center&#8221; header_2_text_color=&#8221;#000000&#8243; header_2_font_size=&#8221;25px&#8221; custom_padding_phone=&#8221;2px|5px|2px|5px|true|true&#8221; header_2_font_size_tablet=&#8221;26px&#8221; header_2_font_size_phone=&#8221;25px&#8221; header_2_font_size_last_edited=&#8221;on|phone&#8221; locked=&#8221;off&#8221; global_colors_info=&#8221;{}&#8221;]<\/p>\n<h2 class=\"cta-section__heading\" style=\"text-align: center;\">T\u00e9l\u00e9charger le webinaire maintenant<\/h2>\n<p style=\"text-align: center;\"><span>Il vous suffit de remplir le formulaire pour acc\u00e9der imm\u00e9diatement \u00e0 l&#8217;enregistrement du webinaire.<\/span><\/p>\n<p>[\/et_pb_text][\/et_pb_column][\/et_pb_row][et_pb_row _builder_version=&#8221;4.24.2&#8243; _module_preset=&#8221;default&#8221; width=&#8221;95%&#8221; max_width=&#8221;850px&#8221; custom_padding=&#8221;3vh|3vw|3vh|3vw|true|true&#8221; border_radii=&#8221;on|10px|10px|10px|10px&#8221; box_shadow_style=&#8221;preset1&#8243; locked=&#8221;off&#8221; global_colors_info=&#8221;{}&#8221;][et_pb_column type=&#8221;4_4&#8243; _builder_version=&#8221;4.24.2&#8243; _module_preset=&#8221;default&#8221; global_colors_info=&#8221;{}&#8221;][el_gravity_forms_styler gravity_form_id=&#8221;93&#8243; _builder_version=&#8221;4.27.4&#8243; _module_preset=&#8221;default&#8221; global_colors_info=&#8221;{}&#8221;][\/el_gravity_forms_styler][\/et_pb_column][\/et_pb_row][\/et_pb_section][et_pb_section fb_built=&#8221;1&#8243; _builder_version=&#8221;4.24.2&#8243; _module_preset=&#8221;default&#8221; global_colors_info=&#8221;{}&#8221;][\/et_pb_section]<\/p>\n","protected":false},"excerpt":{"rendered":"<p>[et_pb_section fb_built=&#8221;1&#8243; _builder_version=&#8221;4.27.0&#8243; _module_preset=&#8221;default&#8221; background_image=&#8221;https:\/\/reev.com\/wp-content\/uploads\/Laden-im-Unternehmen-4.jpg&#8221; min_height=&#8221;550px&#8221; custom_margin=&#8221;||||false|false&#8221; locked=&#8221;off&#8221; global_colors_info=&#8221;{}&#8221;][\/et_pb_section][et_pb_section fb_built=&#8221;1&#8243; disabled_on=&#8221;off|off|off&#8221; _builder_version=&#8221;4.21.0&#8243; _module_preset=&#8221;default&#8221; custom_padding=&#8221;7px||3px|||&#8221; locked=&#8221;off&#8221; global_colors_info=&#8221;{}&#8221;][et_pb_row _builder_version=&#8221;4.21.0&#8243; _module_preset=&#8221;default&#8221; custom_margin=&#8221;0px||0px||true|false&#8221; custom_padding=&#8221;0px||0px||true|false&#8221; global_colors_info=&#8221;{}&#8221;][et_pb_column type=&#8221;4_4&#8243; _builder_version=&#8221;4.21.0&#8243; _module_preset=&#8221;default&#8221; global_colors_info=&#8221;{}&#8221;][difl_breadcrumbs home_background_bgcolor=&#8221;gcid-5cb8a9d9-fbe4-45a5-9225-2525f7566a5c&#8221; use_home_icon=&#8221;on&#8221; disabled_on=&#8221;on|off|off&#8221; _builder_version=&#8221;4.21.0&#8243; _module_preset=&#8221;5ccad78e-773b-4365-bfed-3d8c23d76f69&#8243; global_colors_info=&#8221;{%22gcid-5cb8a9d9-fbe4-45a5-9225-2525f7566a5c%22:%91%22home_background_bgcolor%22,%22home_background_bgcolor%22,%22home_background_bgcolor%22%93,%22gcid-e9e21336-a0a9-459d-8cb1-975a7e573f29%22:%91%22home_icon_color%22,%22home_icon_color%22,%22home_icon_color%22%93,%22gcid-0824c63b-2dad-41c8-9e11-260e4d41d371%22:%91%22home_font_text_color%22,%22home_font_text_color%22,%22home_font_text_color%22%93}&#8221;][\/difl_breadcrumbs][\/et_pb_column][\/et_pb_row][\/et_pb_section][et_pb_section fb_built=&#8221;1&#8243; _builder_version=&#8221;4.19.3&#8243; _module_preset=&#8221;default&#8221; min_height=&#8221;392.3px&#8221; custom_padding=&#8221;||0px|||&#8221; global_colors_info=&#8221;{}&#8221;][et_pb_row _builder_version=&#8221;4.19.3&#8243; _module_preset=&#8221;default&#8221; custom_padding=&#8221;||0px|||&#8221; global_colors_info=&#8221;{}&#8221;][et_pb_column type=&#8221;4_4&#8243; _builder_version=&#8221;4.19.3&#8243; _module_preset=&#8221;default&#8221; global_colors_info=&#8221;{}&#8221;][et_pb_text _builder_version=&#8221;4.27.4&#8243; _module_preset=&#8221;default&#8221; header_font=&#8221;|700|||||||&#8221; header_2_font=&#8221;|700|||||||&#8221; header_2_text_align=&#8221;center&#8221; header_2_text_color=&#8221;#000000&#8243; custom_margin=&#8221;||2px||false|false&#8221; custom_margin_tablet=&#8221;1px||-10px||false|false&#8221; custom_padding_phone=&#8221;2px|5px|2px|5px|true|true&#8221; header_2_font_size_tablet=&#8221;26px&#8221; [&hellip;]<\/p>\n","protected":false},"author":14,"featured_media":0,"parent":334889,"menu_order":0,"comment_status":"closed","ping_status":"closed","template":"","meta":{"_seopress_robots_primary_cat":"","_seopress_titles_title":"eMobility Webinar : Gestion de la charge et de l'\u00e9nergie pour les infrastructures de charge commerciales","_seopress_titles_desc":"Apprenez tout sur la gestion de la charge et de l'\u00e9nergie pour les infrastructures de charge commerciales. Regardez maintenant le webinaire \u00e0 la demande et obtenez des informations pr\u00e9cieuses ! ","_seopress_robots_index":"yes","footnotes":""},"class_list":["post-335294","page","type-page","status-publish","hentry"],"_links":{"self":[{"href":"https:\/\/reev.com\/fr\/wp-json\/wp\/v2\/pages\/335294","targetHints":{"allow":["GET"]}}],"collection":[{"href":"https:\/\/reev.com\/fr\/wp-json\/wp\/v2\/pages"}],"about":[{"href":"https:\/\/reev.com\/fr\/wp-json\/wp\/v2\/types\/page"}],"author":[{"embeddable":true,"href":"https:\/\/reev.com\/fr\/wp-json\/wp\/v2\/users\/14"}],"replies":[{"embeddable":true,"href":"https:\/\/reev.com\/fr\/wp-json\/wp\/v2\/comments?post=335294"}],"version-history":[{"count":0,"href":"https:\/\/reev.com\/fr\/wp-json\/wp\/v2\/pages\/335294\/revisions"}],"up":[{"embeddable":true,"href":"https:\/\/reev.com\/fr\/wp-json\/wp\/v2\/pages\/334889"}],"wp:attachment":[{"href":"https:\/\/reev.com\/fr\/wp-json\/wp\/v2\/media?parent=335294"}],"curies":[{"name":"wp","href":"https:\/\/api.w.org\/{rel}","templated":true}]}}